{"id":200,"date":"2024-09-13T13:52:51","date_gmt":"2024-09-13T11:52:51","guid":{"rendered":"https:\/\/www.meritis.cz\/?post_type=event&#038;p=200"},"modified":"2025-01-07T11:49:08","modified_gmt":"2025-01-07T10:49:08","slug":"e-learning","status":"publish","type":"event","link":"https:\/\/www.meritis.cz\/en\/event\/hepatitidac\/e-learning\/","title":{"rendered":"E-learning"},"content":{"rendered":"<section class=\"wp-block-custom-full-width-section full-width-section hero-event\" style=\"background-color:;background-image:url(http:\/\/www.meritis.cz\/wp-content\/uploads\/2024\/09\/E-learning-Hepatitida-C-pro-nehepatology.jpg);background-size:cover;background-position:center;background-repeat:no-repeat\"><div class=\"container\">\n<h1 class=\"wp-block-heading has-text-align-left has-text-color has-link-color wp-elements-c5edea6bd91edd280ab65744c853635a\" style=\"color:#ffffff\">Hepatitida C<br>pro nehepatology<br>E-learning<\/h1>\n<\/div><\/section>\n\n\n\n<div style=\"height:100px\" aria-hidden=\"true\" class=\"wp-block-spacer\"><\/div>\n\n\n\n<p><strong>E-learning<\/strong> m\u016f\u017eete sledovat v&nbsp;term\u00ednu <strong>23.9.2024 &#8211; 22.3.2025<\/strong><strong>.<\/strong><\/p>\n\n\n\n<p>Po spln\u011bn\u00ed z\u00e1v\u011bre\u010dn\u00e9ho testu s&nbsp;\u00fasp\u011b\u0161nost\u00ed 80% a v\u00edce, V\u00e1m na zadanou e-mailovou adresu za\u0161leme certifik\u00e1t.<\/p>\n\n\n\n<p>T\u011b\u0161\u00edme se na Va\u0161i \u00fa\u010dast.<\/p>\n\n\n\n<div style=\"height:40px\" aria-hidden=\"true\" class=\"wp-block-spacer\"><\/div>\n\n\n\n<h2 class=\"wp-block-heading has-text-color has-link-color wp-elements-22260b2a05f0adac91d7fff05f793ce9\" style=\"color:#f49600\">Program:<\/h2>\n\n\n\n<p><strong>Epidemiologie a cesty \u0161\u00ed\u0159en\u00ed HCV<\/strong><br>prof. MUDr. Petr Husa, CSc. (Brno)<\/p>\n\n\n\n<p><strong>Aktivn\u00ed vyhled\u00e1v\u00e1n\u00ed: Kdo, pro\u010d a jak?<\/strong><br>prof. MUDr. Petr Urb\u00e1nek, CSc. (Praha)<\/p>\n\n\n\n<p><strong>Diagnostika a l\u00e9\u010dba HCV<\/strong><br>doc. MUDr. Jan \u0160perl, CSc. (Praha)<\/p>\n\n\n\n<p><strong>M\u00fdty spojen\u00e9 s HCV<\/strong><br>MUDr. So\u0148a Fra\u0148kov\u00e1, Ph.D. (Praha)<\/p>\n\n\n\n<p><strong>Pozdn\u00ed d\u016fsledky HCV<\/strong><br>prof. MUDr. Radan Br\u016fha, CSc. (Praha)<\/p>\n\n\n\n<div style=\"height:40px\" aria-hidden=\"true\" class=\"wp-block-spacer\"><\/div>\n\n\n\n<div class=\"wp-block-columns is-layout-flex wp-container-core-columns-is-layout-9d6595d7 wp-block-columns-is-layout-flex\">\n<div class=\"wp-block-column is-layout-flow wp-block-column-is-layout-flow\" style=\"flex-basis:66.66%\">\n<figure class=\"wp-block-embed is-type-video is-provider-youtube wp-block-embed-youtube wp-embed-aspect-16-9 wp-has-aspect-ratio\"><div class=\"wp-block-embed__wrapper\">\n<iframe loading=\"lazy\" title=\"Hepatitida C pro nehepatology - \u00davod\" width=\"500\" height=\"281\" src=\"https:\/\/www.youtube.com\/embed\/ciK6T5xiFX8?feature=oembed\" frameborder=\"0\" allow=\"accelerometer; autoplay; clipboard-write; encrypted-media; gyroscope; picture-in-picture; web-share\" referrerpolicy=\"strict-origin-when-cross-origin\" allowfullscreen><\/iframe>\n<\/div><\/figure>\n<\/div>\n\n\n\n<div class=\"wp-block-column is-layout-flow wp-block-column-is-layout-flow\" style=\"flex-basis:33.33%\">\n<h4 class=\"wp-block-heading\">\u00davodn\u00ed slovo<\/h4>\n\n\n\n<p>prof. MUDr. Petr Urb\u00e1nek, CSc. (Praha)<\/p>\n<\/div>\n<\/div>\n\n\n\n<div class=\"wp-block-columns is-layout-flex wp-container-core-columns-is-layout-9d6595d7 wp-block-columns-is-layout-flex\">\n<div class=\"wp-block-column is-layout-flow wp-block-column-is-layout-flow\" style=\"flex-basis:66.66%\">\n<figure class=\"wp-block-embed is-type-video is-provider-youtube wp-block-embed-youtube wp-embed-aspect-16-9 wp-has-aspect-ratio\"><div class=\"wp-block-embed__wrapper\">\n<iframe loading=\"lazy\" title=\"Hepatitida C pro nehepatology - prof. MUDr. Petr Husa, CSc.\" width=\"500\" height=\"281\" src=\"https:\/\/www.youtube.com\/embed\/ojmdD7GBTnY?feature=oembed\" frameborder=\"0\" allow=\"accelerometer; autoplay; clipboard-write; encrypted-media; gyroscope; picture-in-picture; web-share\" referrerpolicy=\"strict-origin-when-cross-origin\" allowfullscreen><\/iframe>\n<\/div><\/figure>\n<\/div>\n\n\n\n<div class=\"wp-block-column is-layout-flow wp-block-column-is-layout-flow\" style=\"flex-basis:33.33%\">\n<h4 class=\"wp-block-heading\">Epidemiologie a cesty \u0161\u00ed\u0159en\u00ed HCV<\/h4>\n\n\n\n<p>prof. MUDr. Petr Husa, CSc. (Brno)<\/p>\n<\/div>\n<\/div>\n\n\n\n<div class=\"wp-block-columns is-layout-flex wp-container-core-columns-is-layout-9d6595d7 wp-block-columns-is-layout-flex\">\n<div class=\"wp-block-column is-layout-flow wp-block-column-is-layout-flow\" style=\"flex-basis:66.66%\">\n<figure class=\"wp-block-embed is-type-video is-provider-youtube wp-block-embed-youtube wp-embed-aspect-16-9 wp-has-aspect-ratio\"><div class=\"wp-block-embed__wrapper\">\n<iframe loading=\"lazy\" title=\"Hepatitida C pro nehepatology - prof. MUDr. Petr Urb\u00e1nek, CSc.\" width=\"500\" height=\"281\" src=\"https:\/\/www.youtube.com\/embed\/GRchCOIjiQk?feature=oembed\" frameborder=\"0\" allow=\"accelerometer; autoplay; clipboard-write; encrypted-media; gyroscope; picture-in-picture; web-share\" referrerpolicy=\"strict-origin-when-cross-origin\" allowfullscreen><\/iframe>\n<\/div><\/figure>\n<\/div>\n\n\n\n<div class=\"wp-block-column is-layout-flow wp-block-column-is-layout-flow\" style=\"flex-basis:33.33%\">\n<h4 class=\"wp-block-heading\">Aktivn\u00ed vyhled\u00e1v\u00e1n\u00ed: Kdo, pro\u010d a jak?<\/h4>\n\n\n\n<p>prof. MUDr. Petr Urb\u00e1nek, CSc. (Praha)<\/p>\n<\/div>\n<\/div>\n\n\n\n<div class=\"wp-block-columns is-layout-flex wp-container-core-columns-is-layout-9d6595d7 wp-block-columns-is-layout-flex\">\n<div class=\"wp-block-column is-layout-flow wp-block-column-is-layout-flow\" style=\"flex-basis:66.66%\">\n<figure class=\"wp-block-embed is-type-video is-provider-youtube wp-block-embed-youtube wp-embed-aspect-16-9 wp-has-aspect-ratio\"><div class=\"wp-block-embed__wrapper\">\n<iframe loading=\"lazy\" title=\"Hepatitida C pro nehepatology - doc. MUDr. Jan \u0160perl, CSc.\" width=\"500\" height=\"281\" src=\"https:\/\/www.youtube.com\/embed\/3JB_634vsPc?feature=oembed\" frameborder=\"0\" allow=\"accelerometer; autoplay; clipboard-write; encrypted-media; gyroscope; picture-in-picture; web-share\" referrerpolicy=\"strict-origin-when-cross-origin\" allowfullscreen><\/iframe>\n<\/div><\/figure>\n<\/div>\n\n\n\n<div class=\"wp-block-column is-layout-flow wp-block-column-is-layout-flow\" style=\"flex-basis:33.33%\">\n<h4 class=\"wp-block-heading\">Diagnostika a l\u00e9\u010dba HCV<\/h4>\n\n\n\n<p>doc. MUDr. Jan \u0160perl, CSc. (Praha)<\/p>\n<\/div>\n<\/div>\n\n\n\n<div class=\"wp-block-columns is-layout-flex wp-container-core-columns-is-layout-9d6595d7 wp-block-columns-is-layout-flex\">\n<div class=\"wp-block-column is-layout-flow wp-block-column-is-layout-flow\" style=\"flex-basis:66.66%\">\n<figure class=\"wp-block-embed is-type-video is-provider-youtube wp-block-embed-youtube wp-embed-aspect-16-9 wp-has-aspect-ratio\"><div class=\"wp-block-embed__wrapper\">\n<iframe loading=\"lazy\" title=\"Hepatitida C pro nehepatology - doc. MUDr. So\u0148a Fra\u0148kov\u00e1, Ph.D.\" width=\"500\" height=\"281\" src=\"https:\/\/www.youtube.com\/embed\/35HuwTji4gE?feature=oembed\" frameborder=\"0\" allow=\"accelerometer; autoplay; clipboard-write; encrypted-media; gyroscope; picture-in-picture; web-share\" referrerpolicy=\"strict-origin-when-cross-origin\" allowfullscreen><\/iframe>\n<\/div><\/figure>\n<\/div>\n\n\n\n<div class=\"wp-block-column is-layout-flow wp-block-column-is-layout-flow\" style=\"flex-basis:33.33%\">\n<h4 class=\"wp-block-heading\">M\u00fdty spojen\u00e9 s HCV<\/h4>\n\n\n\n<p>MUDr. So\u0148a Fra\u0148kov\u00e1, Ph.D. (Praha)<\/p>\n<\/div>\n<\/div>\n\n\n\n<div class=\"wp-block-columns is-layout-flex wp-container-core-columns-is-layout-9d6595d7 wp-block-columns-is-layout-flex\">\n<div class=\"wp-block-column is-layout-flow wp-block-column-is-layout-flow\" style=\"flex-basis:66.66%\">\n<figure class=\"wp-block-embed is-type-video is-provider-youtube wp-block-embed-youtube wp-embed-aspect-16-9 wp-has-aspect-ratio\"><div class=\"wp-block-embed__wrapper\">\n<iframe loading=\"lazy\" title=\"Hepatitida C pro nehepatology - prof. MUDr. Radan Br\u016fha, CSc.\" width=\"500\" height=\"281\" src=\"https:\/\/www.youtube.com\/embed\/z1dy1ZPHpVQ?feature=oembed\" frameborder=\"0\" allow=\"accelerometer; autoplay; clipboard-write; encrypted-media; gyroscope; picture-in-picture; web-share\" referrerpolicy=\"strict-origin-when-cross-origin\" allowfullscreen><\/iframe>\n<\/div><\/figure>\n<\/div>\n\n\n\n<div class=\"wp-block-column is-layout-flow wp-block-column-is-layout-flow\" style=\"flex-basis:33.33%\">\n<h4 class=\"wp-block-heading\">Pozdn\u00ed d\u016fsledky HCV<\/h4>\n\n\n\n<p>prof. MUDr. Radan Br\u016fha, CSc. (Praha)<\/p>\n<\/div>\n<\/div>\n\n\n\n<div class=\"wp-block-columns is-layout-flex wp-container-core-columns-is-layout-9d6595d7 wp-block-columns-is-layout-flex\">\n<div class=\"wp-block-column is-layout-flow wp-block-column-is-layout-flow\" style=\"flex-basis:66.66%\">\n<figure class=\"wp-block-embed is-type-video is-provider-youtube wp-block-embed-youtube wp-embed-aspect-16-9 wp-has-aspect-ratio\"><div class=\"wp-block-embed__wrapper\">\n<iframe loading=\"lazy\" title=\"Hepatitida C pro nehepatology - Diskuze\" width=\"500\" height=\"281\" src=\"https:\/\/www.youtube.com\/embed\/EoX7DfbExxY?feature=oembed\" frameborder=\"0\" allow=\"accelerometer; autoplay; clipboard-write; encrypted-media; gyroscope; picture-in-picture; web-share\" referrerpolicy=\"strict-origin-when-cross-origin\" allowfullscreen><\/iframe>\n<\/div><\/figure>\n<\/div>\n\n\n\n<div class=\"wp-block-column is-layout-flow wp-block-column-is-layout-flow\" style=\"flex-basis:33.33%\">\n<h4 class=\"wp-block-heading\">Diskuze<\/h4>\n\n\n\n\n<\/div>\n<\/div>\n\n\n\n<div class=\"wp-block-buttons is-content-justification-center is-layout-flex wp-container-core-buttons-is-layout-16018d1d wp-block-buttons-is-layout-flex\">\n<div class=\"wp-block-button\"><a class=\"wp-block-button__link has-text-align-center wp-element-button\" href=\"https:\/\/www.meritis.cz\/en\/event\/hepatitidac\/hepatitida-c-pro-nehepatology-zaverecny-test\/\">Spustit z\u00e1v\u011bre\u010dn\u00fd test<\/a><\/div>\n<\/div>","protected":false},"excerpt":{"rendered":"<p>E-learning m\u016f\u017eete sledovat v&nbsp;term\u00ednu 23.9.2024 &#8211; 22.3.2025. Po spln\u011bn\u00ed z\u00e1v\u011bre\u010dn\u00e9ho testu s&nbsp;\u00fasp\u011b\u0161nost\u00ed 80% a v\u00edce, V\u00e1m na zadanou e-mailovou adresu za\u0161leme certifik\u00e1t. T\u011b\u0161\u00edme se na Va\u0161i \u00fa\u010dast. Program: Epidemiologie a cesty \u0161\u00ed\u0159en\u00ed HCVprof. MUDr. Petr Husa, CSc. (Brno) Aktivn\u00ed vyhled\u00e1v\u00e1n\u00ed: Kdo, pro\u010d a jak?prof. MUDr. Petr Urb\u00e1nek, CSc. (Praha) Diagnostika a l\u00e9\u010dba HCVdoc. MUDr. Jan [&hellip;]<\/p>","protected":false},"featured_media":0,"parent":182,"menu_order":0,"template":"","class_list":["post-200","event","type-event","status-publish","hentry"],"_links":{"self":[{"href":"https:\/\/www.meritis.cz\/en\/wp-json\/wp\/v2\/event\/200","targetHints":{"allow":["GET"]}}],"collection":[{"href":"https:\/\/www.meritis.cz\/en\/wp-json\/wp\/v2\/event"}],"about":[{"href":"https:\/\/www.meritis.cz\/en\/wp-json\/wp\/v2\/types\/event"}],"version-history":[{"count":22,"href":"https:\/\/www.meritis.cz\/en\/wp-json\/wp\/v2\/event\/200\/revisions"}],"predecessor-version":[{"id":302,"href":"https:\/\/www.meritis.cz\/en\/wp-json\/wp\/v2\/event\/200\/revisions\/302"}],"up":[{"embeddable":true,"href":"https:\/\/www.meritis.cz\/en\/wp-json\/wp\/v2\/event\/182"}],"wp:attachment":[{"href":"https:\/\/www.meritis.cz\/en\/wp-json\/wp\/v2\/media?parent=200"}],"curies":[{"name":"wp","href":"https:\/\/api.w.org\/{rel}","templated":true}]}}